{"id":3,"date":"2022-11-23T08:00:47","date_gmt":"2022-11-23T07:00:47","guid":{"rendered":"http:\/\/adimlarim.com\/?page_id=3"},"modified":"2022-12-08T07:06:20","modified_gmt":"2022-12-08T06:06:20","slug":"datenschutz-veri-koruma","status":"publish","type":"page","link":"https:\/\/adimlarim.com\/de\/datenschutz-veri-koruma\/","title":{"rendered":"Datenschutz"},"content":{"rendered":"\n<h2 class=\"wp-block-heading\">Einleitung<\/h2>\n\n\n\n<p>Zuerst einmal, herzlich Willkommen auf der Webpr\u00e4senz von adimlarim.com.<\/p>\n\n\n\n<p>Nachfolgende Datenschutzhinweise kl\u00e4ren Sie \u00fcber Arten, Umfang und Zweck verarbeiteter personenbezogener Daten innerhalb dieser Webpr\u00e4senz auf.<\/p>\n\n\n\n<p>Personenbezogene Daten sind nach Artikel 4 Ziffer 1 der DSGVO (Datenschutz-Grundverordnung) alle Daten, mit denen eine nat\u00fcrliche Person direkt oder indirekt identifizierbar ist. Informationen hierzu als auch auf weitere verwendete Begriffe wie beispielsweise \u201eVerantwortlicher\u201c, \u201eVerarbeitung\u201c, \u201eAuftrags\u00adverarbeiter\u201c usw. finden Sie unter anderem in Artikel 4 Ziffer 1 der DSGVO.<\/p>\n\n\n\n<p>Die Verarbeitung personenbezogener Daten erfolgt grunds\u00e4tzlich nur soweit es f\u00fcr die Funktionsf\u00e4higkeit, die Bereitstellung von Inhalten, Optimierung sowie Absicherung meiner Webpr\u00e4senz erforderlich ist. Einschr\u00e4nkungen hiervon sind gesetzliche Vorschriften, die die Verarbeitung personenbezogener Daten gestatten.<\/p>\n\n\n\n<h1 class=\"wp-block-heading\">Datenschutzhinweise<\/h1>\n\n\n\n<h2 class=\"wp-block-heading\">Verantwortlicher<\/h2>\n\n\n\n<p>\n&#x5A;&#101;&#x79;&#110;&#x65;&#112;&#x20;&#78;&#x75;&#114;&#x74;&#101;&#x6E;&#32;&#x43;&#105;&#x6E;&#97;&#x72;&#99;&#x69;&#107;\n<br>\n&#87;&#x69;&#101;&#x72;&#115;&#x62;&#101;&#x72;&#103;&#x73;&#116;&#x72;&#97;&#xDF;&#101;&#x20;&#51;&#x33;\n<br>\n&#x35;&#49;&#x31;&#48;&#x33;&#32;&#x4B;&#246;&#x6C;&#110;\n<\/p>\n<p>\n&#84;&#x65;&#108;&#x65;&#102;&#x6F;&#110;&#x3A;&#32;\n&#x2B;&#52;&#x39;&#32;&#x28;&#48;&#x29;&#32;&#x32;&#50;&#x31;&#32;&#x39;&#54;&#x35;&#32;&#x37;&#55;&#x20;&#51;&#x39;\n<br>\n&#101;&#x2D;&#77;&#x61;&#105;&#x6C;&#58;&#x20;\n&#x61;&#100;&#x69;&#109;&#x6C;&#97;&#x72;&#105;&#x6D;&#91;&#x61;&#116;&#x5D;&#97;&#x64;&#105;&#x6D;&#108;&#x61;&#114;&#x69;&#109;&#x2E;&#99;&#x6F;&#109;\n<\/p>\n\n\n\n<h2 class=\"wp-block-heading\">Webhosting und Erstellung von Log-Dateien<\/h2>\n\n\n\n<p>Aus finanziellen Gr\u00fcnden als auch aus mangelnder fachlicher Kompetenz heraus ist es mir nicht m\u00f6glich, einen eigenen Server f\u00fcr den Betrieb meiner Webpr\u00e4senz zu stellen. Deshalb habe ich mit Sorgfalt einen Dienstleister ausgesucht, der sich auf Webhosting spezialisiert hat und dessen Serverstandort in Deutschland ist.<\/p>\n\n\n\n<p>Dieser Diensteanbieter ist<br>ALL-INKL.COM \u2013 Neue Medien M\u00fcnnich<br>Inhaber: Ren\u00e9 M\u00fcnnich<br>Hauptstra\u00dfe 68<br>D-02742 Friedersdorf<br>nachfolgende ALL-INKL genannt.<\/p>\n\n\n\n<p>Details zur Datenschutzinformation von ALL-INKL finden sie hier <a href=\"https:\/\/all-inkl.com\/info\/datenschutzinformationen\/\" target=\"_blank\" rel=\"noreferrer noopener\">https:\/\/all-inkl.com\/info\/datenschutzinformationen\/<\/a><\/p>\n\n\n\n<p>Ich nutze die f\u00fcr diese Webpr\u00e4senz notwendige und von ALL-INKL zur Verf\u00fcgung gestellte Infrastruktur (Rechenkapazit\u00e4t, Speicher, Software usw) als auch unter anderem notwendigen Dienstleistungen in Bezug auf Sicherheit, Sicherung und Wartung. Deshalb wurde zwischen ALL-INKL und mir ein Auftrags\u00adver\u00adarbeitungs\u00advertrag nach Artikel 28 Absatz 3 der DSGVO geschlossen. Mit diesem Vertrag garantiert ALL-INKL geeignete technische und organisatorische Ma\u00dfnahmen zum Schutz der Rechte betroffener Personen.<\/p>\n\n\n\n<p>Um einen reibungslosen Verbindungsaufbau zu gew\u00e4hrleisten und zwecks Auswertung in Bezug auf Systemsicherheit und -stabilit\u00e4t speichert ALL-INKL auf seinen Servern bei Ihrem Besuch meiner Webpr\u00e4senz folgende Daten in sogenannten Log-Dateien (Logfiles):<\/p>\n\n\n\n<ul class=\"wp-block-list\">\n<li>Ihre IP-Adresse,<\/li>\n\n\n\n<li>Datum und Uhrzeit des Aufrufs,<\/li>\n\n\n\n<li>Angabe zur Zeitverschiebung,<\/li>\n\n\n\n<li>den \u00fcbermittelten Inhalt,<\/li>\n\n\n\n<li>den Zugriffsstatus ob z.B. erfolgreiche oder Fehler,<\/li>\n\n\n\n<li>\u00fcbertragene Datenmenge,<\/li>\n\n\n\n<li>die Webseite, von der aus Sie meine Seiten aufrufen,<\/li>\n\n\n\n<li>Ihren verwendeten Browser, Betriebssystem, Oberfl\u00e4che, Browser-Sprache und Browser-Version.<\/li>\n<\/ul>\n\n\n\n<p>Diese Daten werden 7 Tage gespeichert. Die Speicherung Ihrer IP-Adresse beruht auf dem berechtigten Interesse, den Betrieb der von ALL-INKL gehosteten Internetseiten zu gew\u00e4hrleisten.<\/p>\n\n\n\n<p>Rechts\u00adgrundlage f\u00fcr die vor\u00fcbergehende Speicherung Ihrer IP-Adresse ist Artikel 6 Absatz 1 lit. f DSGVO.<\/p>\n\n\n\n<h2 class=\"wp-block-heading\">Kommentar\u00adfunktion<\/h2>\n\n\n\n<p>Sie k\u00f6nnen Beitr\u00e4ge auf meiner Webpr\u00e4senz kommentieren. Hierzu ist es erforder\u00adlich, dass Sie neben Ihrem Kommentar einen Benutzernamen und eine e-Mail-Adresse eingeben.<\/p>\n\n\n\n<p>Folgende personenbezogene Daten werden gespeichert:<\/p>\n\n\n\n<ul class=\"wp-block-list\">\n<li>Ihre e-Mail-Adresse.<\/li>\n<\/ul>\n\n\n\n<p>Ihre e-Mail-Adresse wird nicht ver\u00f6ffentlicht. Nur Ihr Kommentar und das Datum werden zusammen mit dem Benutzer-Spitznamen nach Freigabe ver\u00f6ffentlicht. Deshalb bitte ich Sie, im Feld \u201eBenutzer-Spitzname *\u201c bzw. \u201eName *\u201c nicht Ihren realen Namen sondern anstelle dessen ein Pseudonym (Nickname bzw. Phantasienamen) anzugeben.<\/p>\n\n\n\n<p>Zweck dieser Daten-Verarbeitung ist es, Ihnen zu erm\u00f6glichen, Beitr\u00e4ge zu kommentieren. Dar\u00fcber hinaus dient die Speicherung dem berechtigten Interesse, Spam zu verhindern. Ihre personenbezogenen Daten werden dauerhauft gespeichert oder Sie widersprechen der Speicherung dieser.<\/p>\n\n\n\n<p>Rechtsgrundlage f\u00fcr die Speicherung ist Artikel 6 Absatz 1 lit. f der DSGVO.<\/p>\n\n\n\n<h2 class=\"wp-block-heading\">Kontaktaufnahme<\/h2>\n\n\n\n<p>Wenn Sie Kontakt zu mir aufnehmen, werden abh\u00e4ngig vom Weg der Kontaktaufnahme unterschiedliche personenbezogene Daten gespeichert bzw. vorgehalten:<\/p>\n\n\n\n<ul class=\"wp-block-list\">\n<li>Kontaktaufnahme per Telefon: Ihre Telefonnummer;<\/li>\n\n\n\n<li>Kontaktaufnahme per e-Mail: Ihre e-Mail- und Ihre IP-Adresse;<\/li>\n\n\n\n<li>Kontaktaufnahme per Brief: Ihre Adresse.<\/li>\n<\/ul>\n\n\n\n<p>Die Speicherung der Daten erfolgt zum Zwecke der Abwicklung Ihrer Kontaktanfrage. Sobald erkennbar ist, dass der Zweck Ihrer Kontaktaufnahme erreicht bzw. der betroffene Sachverhalt abschlie\u00dfend gekl\u00e4rt ist und gesetzlich vorgeschriebene Aufbewahrungspflichten dem nicht widersprechen, l\u00f6sche ich Ihre personenbezogenen Daten.<\/p>\n\n\n\n<p>Rechtsgrundlage f\u00fcr die vor\u00fcbergehende Speicherung ist Artikel 6 Absatz 1 lit. a und lit. f DSGVO.<\/p>\n\n\n\n<h2 class=\"wp-block-heading\">Hinweise zur Ihren Betroffenen-Rechten<\/h2>\n\n\n\n<p>Sobald personenbezogene Daten von Ihnen verarbeitet werden, sind Sie im Sinne der DSGVO \u201eBetroffener\u201c. Vorbehaltlich entgegenstehender gesetzesm\u00e4\u00dfiger Einschr\u00e4nkungen oder Ausnahmen, stehen Ihnen nachfolgende Rechte zu.<\/p>\n\n\n\n<h3 class=\"wp-block-heading\">Auskunftsrecht der betroffenen Person (Artikel 15 DSGVO)<\/h3>\n\n\n\n<p>Sie k\u00f6nnen Auskunft verlagen, ob und welche personenbezogenen Daten verarbeitet werden.<\/p>\n\n\n\n<h3 class=\"wp-block-heading\">Recht auf Berichtigung (Artikel 16 DSGVO)<\/h3>\n\n\n\n<p>Sie k\u00f6nnen verlangen, dass<\/p>\n\n\n\n<ul class=\"wp-block-list\">\n<li>unrichtige personenbezogene Daten berichtigt werden,<\/li>\n\n\n\n<li>unvollst\u00e4ndige personenbezogene Daten \u2013 unter Ber\u00fccksichtung der Verarbeitungszwecke \u2013 vervollst\u00e4ndigt werden.<\/li>\n<\/ul>\n\n\n\n<h3 class=\"wp-block-heading\">Recht auf L\u00f6schung (Artikel 17 DSGVO)<\/h3>\n\n\n\n<p>Wenn die gesetzlichen Voraussetzungen gegeben sind, k\u00f6nnen Sie die L\u00f6schung Ihrer personenbezogenen Daten verlangen.<\/p>\n\n\n\n<h3 class=\"wp-block-heading\">Recht auf Einschr\u00e4nkung der Verarbeitung (Artikel 18 DSGVO)<\/h3>\n\n\n\n<p>Wenn die gesetzlichen Voraussetzungen gegeben sind, k\u00f6nnen Sie die Einschr\u00e4nkung der Verarbeitung Ihrer personenbezogener Daten verlangen.<\/p>\n\n\n\n<h3 class=\"wp-block-heading\">Recht auf Daten\u00fcbertragbarkeit (Artikel 20 DSGVO)<\/h3>\n\n\n\n<p>Sofern die im Artikel 20 DSGVO beschriebenen Voraussetzungen erf\u00fcllt sind, k\u00f6nnen Sie die Bereitstellung Ihrer erhobenen personenbezogenen Daten in einem strukturierten, g\u00e4ngigen und maschinenlesbaren Format verlangen.<\/p>\n\n\n\n<h3 class=\"wp-block-heading\">Widerspruchsrecht (Artikel 21 DSGVO)<\/h3>\n\n\n\n<p>Wenn die Erhebung Ihrer personenbezogener Daten aufgrund von Artikel 6 Absatz 1 lit. e oder lit. f erfolgt, haben Sie aus Gr\u00fcnden, die sich aus Ihrer besonderen Situation ergeben, jederzeit das Recht, der weiteren Verarbeitung dieser Daten zu widersprechen.<\/p>\n\n\n\n<h3 class=\"wp-block-heading\">Widerrufsrecht<\/h3>\n\n\n\n<p>Wenn Sie in die Verarbeitung personenbezogener Daten eingewilligt haben, haben Sie jederzeit das Recht, Ihre Einwilligung mit Wirkung f\u00fcr die Zukunft ohne Angabe von Gr\u00fcnden zu widerrufen.<\/p>\n\n\n\n<h3 class=\"wp-block-heading\">Beschwerdem\u00f6glichkeit<\/h3>\n\n\n\n<p>Sie haben das Recht, sich \u00fcber die Verarbeitung Ihrer personenbezogener Daten auf meiner Webpr\u00e4senz bei einer deutschen Aufsichtsbeh\u00f6rde f\u00fcr den Datenschutz zu beschweren.<\/p>\n\n\n\n<h2 class=\"wp-block-heading\">\u00c4nderungen dieser Datenschutzhinweise<\/h2>\n\n\n\n<p>In Laufe der Zeit k\u00f6nnen \u00c4nderungen an den Datenschutzhinweisen erforderlich werden. Die jeweilige aktuelle Fassung finden Sie auf meiner Webpr\u00e4senz.<\/p>\n\n\n\n<p>Stand: 04.12.2022<\/p>\n","protected":false},"excerpt":{"rendered":"<p>Einleitung Zuerst einmal, herzlich Willkommen auf der Webpr\u00e4senz von adimlarim.com. Nachfolgende Datenschutzhinweise kl\u00e4ren Sie \u00fcber Arten, Umfang und Zweck verarbeiteter personenbezogener Daten innerhalb dieser Webpr\u00e4senz auf. Personenbezogene Daten sind nach Artikel 4 Ziffer 1 der DSGVO (Datenschutz-Grundverordnung) alle Daten, mit denen eine nat\u00fcrliche Person direkt oder indirekt identifizierbar ist. Informationen hierzu als auch auf weitere [&hellip;]<\/p>\n","protected":false},"author":5,"featured_media":0,"parent":0,"menu_order":0,"comment_status":"closed","ping_status":"open","template":"","meta":{"footnotes":""},"class_list":["post-3","page","type-page","status-publish","hentry"],"yoast_head":"<!-- This site is optimized with the Yoast SEO plugin v25.6 - https:\/\/yoast.com\/wordpress\/plugins\/seo\/ -->\n<title>Datenschutz - adimlarim.com<\/title>\n<meta name=\"robots\" content=\"noindex, nofollow\" \/>\n<script type=\"application\/ld+json\" class=\"yoast-schema-graph\">{\"@context\":\"https:\/\/schema.org\",\"@graph\":[{\"@type\":\"WebPage\",\"@id\":\"https:\/\/adimlarim.com\/datenschutz-veri-koruma\/\",\"url\":\"https:\/\/adimlarim.com\/datenschutz-veri-koruma\/\",\"name\":\"Datenschutz - adimlarim.com\",\"isPartOf\":{\"@id\":\"https:\/\/adimlarim.com\/de\/#website\"},\"datePublished\":\"2022-11-23T07:00:47+00:00\",\"dateModified\":\"2022-12-08T06:06:20+00:00\",\"breadcrumb\":{\"@id\":\"https:\/\/adimlarim.com\/datenschutz-veri-koruma\/#breadcrumb\"},\"inLanguage\":\"de\",\"potentialAction\":[{\"@type\":\"ReadAction\",\"target\":[\"https:\/\/adimlarim.com\/datenschutz-veri-koruma\/\"]}]},{\"@type\":\"BreadcrumbList\",\"@id\":\"https:\/\/adimlarim.com\/datenschutz-veri-koruma\/#breadcrumb\",\"itemListElement\":[{\"@type\":\"ListItem\",\"position\":1,\"name\":\"Startseite\",\"item\":\"https:\/\/adimlarim.com\/de\/\"},{\"@type\":\"ListItem\",\"position\":2,\"name\":\"Datenschutz\"}]},{\"@type\":\"WebSite\",\"@id\":\"https:\/\/adimlarim.com\/de\/#website\",\"url\":\"https:\/\/adimlarim.com\/de\/\",\"name\":\"Ad\u0131mlar\u0131m\",\"description\":\"jede Reise beginnt mit den ersten Schritten\",\"publisher\":{\"@id\":\"https:\/\/adimlarim.com\/de\/#organization\"},\"alternateName\":\"Adimlarim\",\"potentialAction\":[{\"@type\":\"SearchAction\",\"target\":{\"@type\":\"EntryPoint\",\"urlTemplate\":\"https:\/\/adimlarim.com\/de\/?s={search_term_string}\"},\"query-input\":{\"@type\":\"PropertyValueSpecification\",\"valueRequired\":true,\"valueName\":\"search_term_string\"}}],\"inLanguage\":\"de\"},{\"@type\":\"Organization\",\"@id\":\"https:\/\/adimlarim.com\/de\/#organization\",\"name\":\"Ad\u0131mlar\u0131m\",\"url\":\"https:\/\/adimlarim.com\/de\/\",\"logo\":{\"@type\":\"ImageObject\",\"inLanguage\":\"de\",\"@id\":\"https:\/\/adimlarim.com\/de\/#\/schema\/logo\/image\/\",\"url\":\"https:\/\/adimlarim.com\/wp-content\/uploads\/adimlarim.com_.perspektive.kontur.verlauf.blau_.header.png\",\"contentUrl\":\"https:\/\/adimlarim.com\/wp-content\/uploads\/adimlarim.com_.perspektive.kontur.verlauf.blau_.header.png\",\"width\":401,\"height\":319,\"caption\":\"Ad\u0131mlar\u0131m\"},\"image\":{\"@id\":\"https:\/\/adimlarim.com\/de\/#\/schema\/logo\/image\/\"}}]}<\/script>\n<!-- \/ Yoast SEO plugin. -->","yoast_head_json":{"title":"Datenschutz - adimlarim.com","robots":{"index":"noindex","follow":"nofollow"},"schema":{"@context":"https:\/\/schema.org","@graph":[{"@type":"WebPage","@id":"https:\/\/adimlarim.com\/datenschutz-veri-koruma\/","url":"https:\/\/adimlarim.com\/datenschutz-veri-koruma\/","name":"Datenschutz - adimlarim.com","isPartOf":{"@id":"https:\/\/adimlarim.com\/de\/#website"},"datePublished":"2022-11-23T07:00:47+00:00","dateModified":"2022-12-08T06:06:20+00:00","breadcrumb":{"@id":"https:\/\/adimlarim.com\/datenschutz-veri-koruma\/#breadcrumb"},"inLanguage":"de","potentialAction":[{"@type":"ReadAction","target":["https:\/\/adimlarim.com\/datenschutz-veri-koruma\/"]}]},{"@type":"BreadcrumbList","@id":"https:\/\/adimlarim.com\/datenschutz-veri-koruma\/#breadcrumb","itemListElement":[{"@type":"ListItem","position":1,"name":"Startseite","item":"https:\/\/adimlarim.com\/de\/"},{"@type":"ListItem","position":2,"name":"Datenschutz"}]},{"@type":"WebSite","@id":"https:\/\/adimlarim.com\/de\/#website","url":"https:\/\/adimlarim.com\/de\/","name":"Ad\u0131mlar\u0131m","description":"jede Reise beginnt mit den ersten Schritten","publisher":{"@id":"https:\/\/adimlarim.com\/de\/#organization"},"alternateName":"Adimlarim","potentialAction":[{"@type":"SearchAction","target":{"@type":"EntryPoint","urlTemplate":"https:\/\/adimlarim.com\/de\/?s={search_term_string}"},"query-input":{"@type":"PropertyValueSpecification","valueRequired":true,"valueName":"search_term_string"}}],"inLanguage":"de"},{"@type":"Organization","@id":"https:\/\/adimlarim.com\/de\/#organization","name":"Ad\u0131mlar\u0131m","url":"https:\/\/adimlarim.com\/de\/","logo":{"@type":"ImageObject","inLanguage":"de","@id":"https:\/\/adimlarim.com\/de\/#\/schema\/logo\/image\/","url":"https:\/\/adimlarim.com\/wp-content\/uploads\/adimlarim.com_.perspektive.kontur.verlauf.blau_.header.png","contentUrl":"https:\/\/adimlarim.com\/wp-content\/uploads\/adimlarim.com_.perspektive.kontur.verlauf.blau_.header.png","width":401,"height":319,"caption":"Ad\u0131mlar\u0131m"},"image":{"@id":"https:\/\/adimlarim.com\/de\/#\/schema\/logo\/image\/"}}]}},"_links":{"self":[{"href":"https:\/\/adimlarim.com\/de\/wp-json\/wp\/v2\/pages\/3","targetHints":{"allow":["GET"]}}],"collection":[{"href":"https:\/\/adimlarim.com\/de\/wp-json\/wp\/v2\/pages"}],"about":[{"href":"https:\/\/adimlarim.com\/de\/wp-json\/wp\/v2\/types\/page"}],"author":[{"embeddable":true,"href":"https:\/\/adimlarim.com\/de\/wp-json\/wp\/v2\/users\/5"}],"replies":[{"embeddable":true,"href":"https:\/\/adimlarim.com\/de\/wp-json\/wp\/v2\/comments?post=3"}],"version-history":[{"count":2,"href":"https:\/\/adimlarim.com\/de\/wp-json\/wp\/v2\/pages\/3\/revisions"}],"predecessor-version":[{"id":67,"href":"https:\/\/adimlarim.com\/de\/wp-json\/wp\/v2\/pages\/3\/revisions\/67"}],"wp:attachment":[{"href":"https:\/\/adimlarim.com\/de\/wp-json\/wp\/v2\/media?parent=3"}],"curies":[{"name":"wp","href":"https:\/\/api.w.org\/{rel}","templated":true}]}}