{"id":3,"date":"2022-11-23T08:00:47","date_gmt":"2022-11-23T07:00:47","guid":{"rendered":"http:\/\/adimlarim.com\/?page_id=3"},"modified":"2022-12-08T07:06:20","modified_gmt":"2022-12-08T06:06:20","slug":"datenschutz-veri-koruma","status":"publish","type":"page","link":"https:\/\/adimlarim.com\/tr\/datenschutz-veri-koruma\/","title":{"rendered":"Veri koruma"},"content":{"rendered":"<h2 class=\"wp-block-heading\">\u00d6n s\u00f6z<\/h2>\n\n\n\n<p>\u00d6ncelikle adimlarim.com web sitesine ho\u015fgeldiniz.<\/p>\n\n\n\n<p>A\u015fa\u011f\u0131daki veri koruma bilgileri, bu web sitesinde i\u015flenen ki\u015fisel verilerin t\u00fcrleri, kapsam\u0131 ve amac\u0131 hakk\u0131nda sizi bilgilendirecektir.<\/p>\n\n\n\n<p>Avrupa Birli\u011fi Genel Veri Koruma T\u00fcz\u00fc\u011f\u00fc (GDPR) Madde 4 rakam 1'e g\u00f6re ki\u015fisel veriler, bir ger\u00e7ek ki\u015finin do\u011frudan veya dolayl\u0131 olarak tan\u0131mlanabilece\u011fi t\u00fcm verilerdir. Bununla ilgili bilgiler ve kullan\u0131lan terimler, \u00f6rnek olarak \"kontrol\u00f6r\" \"i\u015fleme faaliyeti\", \"i\u015fleyici\" vs. di\u011ferlerinin yan\u0131 s\u0131ra GDPR'nin 4. Maddesi 1'de bulabilirsiniz.<\/p>\n\n\n\n<p>Ki\u015fisel verilerin i\u015fleme faaliyeti yaln\u0131zca web sitemin i\u015flevselli\u011fi, i\u00e7eri\u011finin sa\u011flanmas\u0131, optimizasyonu ve g\u00fcvenli\u011fi i\u00e7in gerekli oldu\u011fu s\u00fcrece ger\u00e7ekle\u015fir. Bununla ilgili k\u0131s\u0131tlamalar, ki\u015fisel verilerin i\u015fleme faaliyetine izin veren yasal d\u00fczenlemelerdir.<\/p>\n\n\n\n<h1 class=\"wp-block-heading\">Gizlilik Politikas\u0131<\/h1>\n\n\n\n<h2 class=\"wp-block-heading\">Sorumlu<\/h2>\n\n\n\n<p>\n&#x5A;&#101;&#x79;&#110;&#x65;&#112;&#x20;&#78;&#x75;&#114;&#x74;&#101;&#x6E;&#32;&#x43;&#105;&#x6E;&#97;&#x72;&#99;&#x69;&#107;\n<br>\n&#87;&#x69;&#101;&#x72;&#115;&#x62;&#101;&#x72;&#103;&#x73;&#116;&#x72;&#97;&#xDF;&#101;&#x20;&#51;&#x33;\n<br>\n&#x35;&#49;&#x31;&#48;&#x33;&#32;&#x4B;&#246;&#x6C;&#110;\n<\/p>\n<p>\n&#84;&#x65;&#108;&#x65;&#102;&#x6F;&#110;&#x3A;&#32;\n&#x2B;&#52;&#x39;&#32;&#x28;&#48;&#x29;&#32;&#x32;&#50;&#x31;&#32;&#x39;&#54;&#x35;&#32;&#x37;&#55;&#x20;&#51;&#x39;\n<br>\n&#101;&#x2D;&#77;&#x61;&#105;&#x6C;&#58;&#x20;\n&#x61;&#100;&#x69;&#109;&#x6C;&#97;&#x72;&#105;&#x6D;&#91;&#x61;&#116;&#x5D;&#97;&#x64;&#105;&#x6D;&#108;&#x61;&#114;&#x69;&#109;&#x2E;&#99;&#x6F;&#109;\n<\/p>\n\n\n\n<h2 class=\"wp-block-heading\">Web bar\u0131nd\u0131rma ve G\u00fcnl\u00fck dosyalar<\/h2>\n\n\n\n<p>Mali nedenlerden ve teknik yetersizlikten dolay\u0131 web sitem i\u00e7in kendime ait bir sunucu sa\u011flamam m\u00fcmk\u00fcn de\u011fil. Bu nedenle, web bar\u0131nd\u0131rma konusunda uzmanla\u015fm\u0131\u015f ve hizmete sundu\u011fu sunucular\u0131n konumu Almanya'da olan bir hizmet sa\u011flay\u0131c\u0131 \u00f6zenle se\u00e7tim.<\/p>\n\n\n\n<p>Bu hizmet sa\u011flay\u0131c\u0131<br>ALL-INKL.COM \u2013 Neue Medien M\u00fcnnich<br>Inhaber: Ren\u00e9 M\u00fcnnich<br>Hauptstra\u00dfe 68<br>D-02742 Friedersdorf<br>bundan sonra ALL-INKL olarak adlan\u0131lcakt\u0131r.<\/p>\n\n\n\n<p>ALL-INKL'nin veri koruma bilgilerinin ayr\u0131nt\u0131lar\u0131n\u0131 burada bulabilirsiniz <a href=\"https:\/\/all-inkl.com\/info\/datenschutzinformationen\/\" target=\"_blank\" rel=\"noreferrer noopener\">https:\/\/all-inkl.com\/info\/datenschutzinformationen\/<\/a><\/p>\n\n\n\n<p>Bu web sitesi i\u00e7in gerekli olan ve ALL-INKL taraf\u0131ndan sa\u011flanan altyap\u0131y\u0131 (bilgisayar kapasitesi, bellek, yaz\u0131l\u0131m vb.) ve ayr\u0131ca g\u00fcvenlik, yedekleme ve bak\u0131mla ilgili ve benzer hizmetleri kullan\u0131yorum. Bu nedenle, i\u015fleyicim olarak ALL-INKL ile benim aramda GDPR'nin 28. maddesinin 3. f\u0131kras\u0131 uyar\u0131nca bir s\u00f6zle\u015fme imzalanm\u0131\u015ft\u0131r. Bu s\u00f6zle\u015fmede ALL-INKL, veri sahiplerinin haklar\u0131n\u0131 korumak i\u00e7in uygun teknik ve organizasyonla ilgili \u00f6nlem al\u0131ca\u011f\u0131n\u0131 garanti etmekte.<\/p>\n\n\n\n<p>Sorunsuz internet ba\u011flant\u0131 kurulmas\u0131n\u0131 sa\u011flamak i\u00e7in ve sistem g\u00fcvenli\u011fi ve istikrar\u0131 ile ilgili de\u011ferlendirme amac\u0131yla ALL-INKL, web sitemizi ziyaret etti\u011finizde a\u015fa\u011f\u0131daki verileri sunucular\u0131nda g\u00fcnl\u00fck dosyalara (Logfiles) kaydetmekte:<\/p>\n\n\n\n<ul class=\"wp-block-list\">\n<li>IP adresiniz,<\/li>\n\n\n\n<li>araman\u0131n tarihi ve saati,<\/li>\n\n\n\n<li>saat fark\u0131,<\/li>\n\n\n\n<li>iletilen i\u00e7erik,<\/li>\n\n\n\n<li>eri\u015fim durumu, \u00f6rne\u011fin ba\u015far\u0131l\u0131 veya hatal\u0131 olup olmad\u0131\u011f\u0131,<\/li>\n\n\n\n<li>aktar\u0131lan veri miktar\u0131,<\/li>\n\n\n\n<li>sayfalar\u0131ma eri\u015fti\u011finiz web sitesi,<\/li>\n\n\n\n<li>kulland\u0131\u011f\u0131n\u0131z taray\u0131c\u0131, i\u015fletim sistemi, y\u00fczey, taray\u0131c\u0131 dili ve taray\u0131c\u0131 versiyon.<\/li>\n<\/ul>\n\n\n\n<p>Bu veriler 7 g\u00fcn boyunca saklan\u0131r. IP adresinizin kay\u0131t edilmesi ALL-INKL taraf\u0131ndan bar\u0131nd\u0131r\u0131lan web sitelerinin i\u015fletilmesini sa\u011flamaya y\u00f6nelik me\u015fru menfaate dayanmaktad\u0131r.<\/p>\n\n\n\n<p>IP adresinizin ge\u00e7ici olarak kay\u0131t edilmesinin yasal dayana\u011f\u0131 GDPR'nin 6. maddesinin 1. f\u0131kras\u0131n\u0131n f'dir.<\/p>\n\n\n\n<h2 class=\"wp-block-heading\">Yorum i\u015flevi<\/h2>\n\n\n\n<p>Web sitemdeki yaz\u0131lara yorum yapabilirsiniz. Yorum yapt\u0131\u011f\u0131n\u0131zda yorumunuzdan ayr\u0131 bir kullan\u0131c\u0131 ad\u0131 ve bir e-Mail (e-posta) adresi girmeniz gerekmektedir.<\/p>\n\n\n\n<p>A\u015fa\u011f\u0131daki ki\u015fisel veri kay\u0131t edilir:<\/p>\n\n\n\n<ul class=\"wp-block-list\">\n<li>e-Mail (e-posta) adresiniz<\/li>\n<\/ul>\n\n\n\n<p>e-Mail adresiniz yay\u0131mlanmayacakt\u0131r. Yorumunuz onayland\u0131ktan sonra yorumunuzdan ayr\u0131 sadece kullan\u0131c\u0131 takma ad\u0131n\u0131z ve tarih yay\u0131mlancakt\u0131r. Bu nedenle, \"Kullan\u0131c\u0131 takma ad\u0131 *\" veya \"\u0130sim *\" alan\u0131na ger\u00e7ek ad\u0131n\u0131z\u0131 de\u011fil, bunun yerine bir takma ad (yani fantezi bir ad) girmenizi rica ediyorum.<\/p>\n\n\n\n<p>Bu veri i\u015flemenin amac\u0131, sizin buradaki baz\u0131 makalelere yorum yapabilmenizi sa\u011flamakt\u0131r. Ayr\u0131ca, kay\u0131t edilmesi spam'i (istenmeyen mesaj, e-posta vs.) \u00f6nleme me\u015fru menfaatine hizmet eder. Ki\u015fisel verileriniz, itiraz edilmezse, kal\u0131c\u0131d\u0131r.<\/p>\n\n\n\n<p>Bu verilerin kay\u0131t edilmesinin yasal dayana\u011f\u0131, GDPR'nin 6. maddesinin 1. f\u0131kras\u0131n\u0131n f bendidir.<\/p>\n\n\n\n<h2 class=\"wp-block-heading\">\u0130leti\u015fim<\/h2>\n\n\n\n<p>Benimle ileti\u015fime ge\u00e7erseniz, se\u00e7ti\u011finiz ileti\u015fim yoluna ba\u011fl\u0131 olarak farkl\u0131 ki\u015fisel veriler kay\u0131t edilir:<\/p>\n\n\n\n<ul class=\"wp-block-list\">\n<li>Telefonla: telefon numaran\u0131z;<\/li>\n\n\n\n<li>e-Mail ile: e-Mail ve IP adresiniz;<\/li>\n\n\n\n<li>Mektupla: Adresiniz.<\/li>\n<\/ul>\n\n\n\n<p>Veriler, ileti\u015fim talebinizin i\u015flenmesi amac\u0131yla kay\u0131t edilir. \u0130rtibat\u0131n\u0131z\u0131n amac\u0131na ula\u015f\u0131ld\u0131\u011f\u0131 veya s\u00f6z konusu ger\u00e7eklerin nihayet a\u00e7\u0131kl\u0131\u011fa kavu\u015fturuldu\u011fu ve yasal saklama y\u00fck\u00fcml\u00fcl\u00fcklerinin bununla \u00e7eli\u015fmedi\u011fi anla\u015f\u0131l\u0131r anla\u015f\u0131lmaz ki\u015fisel verilerinizi silece\u011fim.<\/p>\n\n\n\n<p>Bu verilerin kay\u0131t edilmesinin yasal dayana\u011f\u0131, GDPR'nin 6. maddesinin 1. f\u0131kras\u0131n\u0131n a ve f bendidir.<\/p>\n\n\n\n<h2 class=\"wp-block-heading\">Veri sahibi haklar\u0131 ile ilgili notlar<\/h2>\n\n\n\n<p>Herhangi aksine olan yasal k\u0131s\u0131tlama veya istisna yoksa, a\u015fa\u011f\u0131daki haklara sahipsiniz.<\/p>\n\n\n\n<h3 class=\"wp-block-heading\">Veri sahibinin eri\u015fim hakk\u0131 (GDPR madde 15)<\/h3>\n\n\n\n<p>Hangi ki\u015fisel verilerin i\u015flenip i\u015flenmedi\u011fi konusunda bilgi talep edebilirsiniz.<\/p>\n\n\n\n<h3 class=\"wp-block-heading\">D\u00fczeltme hakk\u0131 (GDPR madde 16)<\/h3>\n\n\n\n<p>\u015eunlar\u0131 talep edebilirsiniz<\/p>\n\n\n\n<ul class=\"wp-block-list\">\n<li>yanl\u0131\u015f ki\u015fisel verilerin d\u00fczeltilmesi,<\/li>\n\n\n\n<li>eksik ki\u015fisel verilerin i\u015fleme ama\u00e7lar\u0131 dikkate al\u0131narak tamamlanmas\u0131.<\/li>\n<\/ul>\n\n\n\n<h3 class=\"wp-block-heading\">Silme hakk\u0131 (GDPR madde 17)<\/h3>\n\n\n\n<p>Yasal gereklilikler kar\u015f\u0131lan\u0131yorsa, ki\u015fisel verilerinizin silinmesini talep edebilirsiniz.<\/p>\n\n\n\n<h3 class=\"wp-block-heading\">\u0130\u015fleme faaliyetini k\u0131s\u0131tlama hakk\u0131 (GDPR madde 18)<\/h3>\n\n\n\n<p>Yasal gereklilikler kar\u015f\u0131lan\u0131yorsa, ki\u015fisel verilerinizin i\u015flenmesinin k\u0131s\u0131tlanmas\u0131n\u0131 talep edebilirsiniz.<\/p>\n\n\n\n<h3 class=\"wp-block-heading\">Veri ta\u015f\u0131nabilirli\u011fi hakk\u0131 (GDPR madde 20)<\/h3>\n\n\n\n<p>GDPR Madde 20'de a\u00e7\u0131klanan ko\u015fullar kar\u015f\u0131lan\u0131rsa, toplanan ki\u015fisel verilerinizin yap\u0131land\u0131r\u0131lm\u0131\u015f, yayg\u0131n ve makine taraf\u0131ndan okunabilir bir bi\u00e7imde size sa\u011flanmas\u0131n\u0131 talep edebilirsiniz.<\/p>\n\n\n\n<h3 class=\"wp-block-heading\">\u0130tiraz hakk\u0131 (GDPR madde 21)<\/h3>\n\n\n\n<p>Ki\u015fisel verileriniz Madde 6 paragraf 1 bent e veya bent f uyar\u0131nca toplan\u0131rsa, \u00f6zel durumunuzdan kaynaklanan nedenlerle herhangi bir zamanda bu verilerin daha fazla i\u015flenmesine itiraz etme hakk\u0131n\u0131z vard\u0131r.<\/p>\n\n\n\n<h3 class=\"wp-block-heading\">R\u0131zay\u0131 geri \u00e7ekme hakk\u0131<\/h3>\n\n\n\n<p>Ki\u015fisel verilerin i\u015flenmesine izin verdiyseniz, neden belirtmeksizin gelecekte ge\u00e7erli olmak \u00fczere izninizi istedi\u011finiz zaman iptal etme hakk\u0131na sahipsiniz.<\/p>\n\n\n\n<h3 class=\"wp-block-heading\">\u015eikayet etme imk\u00e2n\u0131<\/h3>\n\n\n\n<p>Ki\u015fisel verilerinizin web sitemde i\u015flenmesi hakk\u0131nda bir Alman veri koruma denetleme kurumuna \u015fikayette bulunma hakk\u0131na sahipsiniz.<\/p>\n\n\n\n<h2 class=\"wp-block-heading\">Bu gizlilik politikas\u0131ndaki de\u011fi\u015fiklikler<\/h2>\n\n\n\n<p>Bu Gizlilik politika bildirimlerinde zaman zaman de\u011fi\u015fiklikler gerekli olabilir. G\u00fcncel versiyonu web sitemde bulabilirsiniz.<\/p>\n\n\n\n<p>Tarih: 04.12.2022<\/p>","protected":false},"excerpt":{"rendered":"<p>Einleitung Zuerst einmal, herzlich Willkommen auf der Webpr\u00e4senz von adimlarim.com. Nachfolgende Datenschutzhinweise kl\u00e4ren Sie \u00fcber Arten, Umfang und Zweck verarbeiteter personenbezogener Daten innerhalb dieser Webpr\u00e4senz auf. Personenbezogene Daten sind nach Artikel 4 Ziffer 1 der DSGVO (Datenschutz-Grundverordnung) alle Daten, mit denen eine nat\u00fcrliche Person direkt oder indirekt identifizierbar ist. Informationen hierzu als auch auf weitere [&hellip;]<\/p>","protected":false},"author":5,"featured_media":0,"parent":0,"menu_order":0,"comment_status":"closed","ping_status":"open","template":"","meta":{"footnotes":""},"class_list":["post-3","page","type-page","status-publish","hentry"],"yoast_head":"<!-- This site is optimized with the Yoast SEO plugin v25.6 - https:\/\/yoast.com\/wordpress\/plugins\/seo\/ -->\n<title>Datenschutz - adimlarim.com<\/title>\n<meta name=\"robots\" content=\"noindex, nofollow\" \/>\n<script type=\"application\/ld+json\" class=\"yoast-schema-graph\">{\"@context\":\"https:\/\/schema.org\",\"@graph\":[{\"@type\":\"WebPage\",\"@id\":\"https:\/\/adimlarim.com\/datenschutz-veri-koruma\/\",\"url\":\"https:\/\/adimlarim.com\/datenschutz-veri-koruma\/\",\"name\":\"Datenschutz - adimlarim.com\",\"isPartOf\":{\"@id\":\"https:\/\/adimlarim.com\/de\/#website\"},\"datePublished\":\"2022-11-23T07:00:47+00:00\",\"dateModified\":\"2022-12-08T06:06:20+00:00\",\"breadcrumb\":{\"@id\":\"https:\/\/adimlarim.com\/datenschutz-veri-koruma\/#breadcrumb\"},\"inLanguage\":\"tr\",\"potentialAction\":[{\"@type\":\"ReadAction\",\"target\":[\"https:\/\/adimlarim.com\/datenschutz-veri-koruma\/\"]}]},{\"@type\":\"BreadcrumbList\",\"@id\":\"https:\/\/adimlarim.com\/datenschutz-veri-koruma\/#breadcrumb\",\"itemListElement\":[{\"@type\":\"ListItem\",\"position\":1,\"name\":\"Startseite\",\"item\":\"https:\/\/adimlarim.com\/de\/\"},{\"@type\":\"ListItem\",\"position\":2,\"name\":\"Datenschutz\"}]},{\"@type\":\"WebSite\",\"@id\":\"https:\/\/adimlarim.com\/de\/#website\",\"url\":\"https:\/\/adimlarim.com\/de\/\",\"name\":\"Ad\u0131mlar\u0131m\",\"description\":\"jede Reise beginnt mit den ersten Schritten\",\"publisher\":{\"@id\":\"https:\/\/adimlarim.com\/de\/#organization\"},\"alternateName\":\"Adimlarim\",\"potentialAction\":[{\"@type\":\"SearchAction\",\"target\":{\"@type\":\"EntryPoint\",\"urlTemplate\":\"https:\/\/adimlarim.com\/de\/?s={search_term_string}\"},\"query-input\":{\"@type\":\"PropertyValueSpecification\",\"valueRequired\":true,\"valueName\":\"search_term_string\"}}],\"inLanguage\":\"tr\"},{\"@type\":\"Organization\",\"@id\":\"https:\/\/adimlarim.com\/de\/#organization\",\"name\":\"Ad\u0131mlar\u0131m\",\"url\":\"https:\/\/adimlarim.com\/de\/\",\"logo\":{\"@type\":\"ImageObject\",\"inLanguage\":\"tr\",\"@id\":\"https:\/\/adimlarim.com\/de\/#\/schema\/logo\/image\/\",\"url\":\"https:\/\/adimlarim.com\/wp-content\/uploads\/adimlarim.com_.perspektive.kontur.verlauf.blau_.header.png\",\"contentUrl\":\"https:\/\/adimlarim.com\/wp-content\/uploads\/adimlarim.com_.perspektive.kontur.verlauf.blau_.header.png\",\"width\":401,\"height\":319,\"caption\":\"Ad\u0131mlar\u0131m\"},\"image\":{\"@id\":\"https:\/\/adimlarim.com\/de\/#\/schema\/logo\/image\/\"}}]}<\/script>\n<!-- \/ Yoast SEO plugin. -->","yoast_head_json":{"title":"Datenschutz - adimlarim.com","robots":{"index":"noindex","follow":"nofollow"},"schema":{"@context":"https:\/\/schema.org","@graph":[{"@type":"WebPage","@id":"https:\/\/adimlarim.com\/datenschutz-veri-koruma\/","url":"https:\/\/adimlarim.com\/datenschutz-veri-koruma\/","name":"Datenschutz - adimlarim.com","isPartOf":{"@id":"https:\/\/adimlarim.com\/de\/#website"},"datePublished":"2022-11-23T07:00:47+00:00","dateModified":"2022-12-08T06:06:20+00:00","breadcrumb":{"@id":"https:\/\/adimlarim.com\/datenschutz-veri-koruma\/#breadcrumb"},"inLanguage":"tr","potentialAction":[{"@type":"ReadAction","target":["https:\/\/adimlarim.com\/datenschutz-veri-koruma\/"]}]},{"@type":"BreadcrumbList","@id":"https:\/\/adimlarim.com\/datenschutz-veri-koruma\/#breadcrumb","itemListElement":[{"@type":"ListItem","position":1,"name":"Startseite","item":"https:\/\/adimlarim.com\/de\/"},{"@type":"ListItem","position":2,"name":"Datenschutz"}]},{"@type":"WebSite","@id":"https:\/\/adimlarim.com\/de\/#website","url":"https:\/\/adimlarim.com\/de\/","name":"Ad\u0131mlar\u0131m","description":"jede Reise beginnt mit den ersten Schritten","publisher":{"@id":"https:\/\/adimlarim.com\/de\/#organization"},"alternateName":"Adimlarim","potentialAction":[{"@type":"SearchAction","target":{"@type":"EntryPoint","urlTemplate":"https:\/\/adimlarim.com\/de\/?s={search_term_string}"},"query-input":{"@type":"PropertyValueSpecification","valueRequired":true,"valueName":"search_term_string"}}],"inLanguage":"tr"},{"@type":"Organization","@id":"https:\/\/adimlarim.com\/de\/#organization","name":"Ad\u0131mlar\u0131m","url":"https:\/\/adimlarim.com\/de\/","logo":{"@type":"ImageObject","inLanguage":"tr","@id":"https:\/\/adimlarim.com\/de\/#\/schema\/logo\/image\/","url":"https:\/\/adimlarim.com\/wp-content\/uploads\/adimlarim.com_.perspektive.kontur.verlauf.blau_.header.png","contentUrl":"https:\/\/adimlarim.com\/wp-content\/uploads\/adimlarim.com_.perspektive.kontur.verlauf.blau_.header.png","width":401,"height":319,"caption":"Ad\u0131mlar\u0131m"},"image":{"@id":"https:\/\/adimlarim.com\/de\/#\/schema\/logo\/image\/"}}]}},"_links":{"self":[{"href":"https:\/\/adimlarim.com\/tr\/wp-json\/wp\/v2\/pages\/3","targetHints":{"allow":["GET"]}}],"collection":[{"href":"https:\/\/adimlarim.com\/tr\/wp-json\/wp\/v2\/pages"}],"about":[{"href":"https:\/\/adimlarim.com\/tr\/wp-json\/wp\/v2\/types\/page"}],"author":[{"embeddable":true,"href":"https:\/\/adimlarim.com\/tr\/wp-json\/wp\/v2\/users\/5"}],"replies":[{"embeddable":true,"href":"https:\/\/adimlarim.com\/tr\/wp-json\/wp\/v2\/comments?post=3"}],"version-history":[{"count":0,"href":"https:\/\/adimlarim.com\/tr\/wp-json\/wp\/v2\/pages\/3\/revisions"}],"wp:attachment":[{"href":"https:\/\/adimlarim.com\/tr\/wp-json\/wp\/v2\/media?parent=3"}],"curies":[{"name":"wp","href":"https:\/\/api.w.org\/{rel}","templated":true}]}}